{"id":1524,"date":"2020-10-27T15:09:13","date_gmt":"2020-10-27T15:09:13","guid":{"rendered":"https:\/\/www.arramara.ie\/?page_id=1524"},"modified":"2020-10-27T15:10:06","modified_gmt":"2020-10-27T15:10:06","slug":"bainisteoir-forbartha-margaidh","status":"publish","type":"page","link":"https:\/\/www.arramara.ie\/ga\/eolas-fuinn\/gairmeacha\/bainisteoir-forbartha-margaidh\/","title":{"rendered":"Market Development Manager &#8211; Irish"},"content":{"rendered":"<section class=\"wpb-content-wrapper\">\n<p>[vc_row full_width=&#8221;stretch_row_content_no_spaces&#8221; content_placement=&#8221;middle&#8221; css=&#8221;.vc_custom_1603811316247{background: #e0e0e0 url(https:\/\/www.arramara.ie\/wp-content\/uploads\/2018\/12\/Arramara-factory-staff-e1547081898474.jpg?id=697) !important;background-position: center !important;background-repeat: no-repeat !important;background-size: cover !important;}&#8221; el_class=&#8221;sub-banner background-xcenter-ytop&#8221;][vc_column css_animation=&#8221;fadeIn&#8221;][\/vc_column][\/vc_row][vc_row el_class=&#8221;page-bg-photo&#8221;][vc_column css_animation=&#8221;fadeIn&#8221; el_class=&#8221;content-center content-max&#8221;][vc_row_inner el_class=&#8221;container&#8221;][vc_column_inner][vc_column_text css_animation=&#8221;fadeIn&#8221;]<\/p>\n<h2><strong>Bainisteoir Forbartha Margaidh \u2013 Arramara Teoranta, \u00c9irinn<\/strong><\/h2>\n<p>&nbsp;<\/p>\n<h3><strong>An R\u00f3l:<\/strong><\/h3>\n<p>Beidh an Bainisteoir Forbartha Margaidh freagrach don Sti\u00farth\u00f3ir, ASD Business Development agus oibreoidh s\u00e9 go dl\u00fath le baill eile den Rann\u00f3g Foll\u00e1ine Daonna agus Ainmhithe, an Bainisteoir L\u00f3ist\u00edochta Domhanda, S\u00e1rsheirbh\u00eds, agus na fostaithe in oifig Arramara. I measc na bpr\u00edomhtheagmh\u00e1lacha seachtracha t\u00e1 ASL, d\u00e1ileoir\u00ed Arramara agus cliaint nua.<\/p>\n<p>&nbsp;<\/p>\n<p><strong>Na Pr\u00edomhfhreagrachta\u00ed: <\/strong><\/p>\n<ul>\n<li>D\u00edol leis na custaim\u00e9ir\u00ed \u00e1irithe sin at\u00e1 ann cheana f\u00e9in<\/li>\n<li>Teagmh\u00e1il a dh\u00e9anamh ar\u00eds leis na custaim\u00e9ir\u00ed sin a bh\u00edodh ag Arramara tr\u00e1th agus dul i mbun gn\u00f3 leo in athuair<\/li>\n<li>An gn\u00f3 a leathn\u00fa amach d\u00e1r dt\u00e1irg\u00ed ainmhithe agus ithreacha sa gceanntar at\u00e1 leagtha amach tr\u00ed ghn\u00f3 nach eol d\u00fainn a lorg agus a dhaingni\u00fa agus gn\u00f3 nua a chruth\u00fa<\/li>\n<li>D\u00e9an taighde, f\u00e1igh amach agus aimsigh teagmh\u00e1lacha, f\u00e9idearthachta\u00ed, agus custaimeir\u00ed<\/li>\n<li>Seimine\u00e1ir theicni\u00fala saincheaptha do chustaim\u00e9ir\u00ed a eagr\u00fa agus a chur ar f\u00e1il, a comhl\u00edonann gach caighde\u00e1n inmhe\u00e1nach<\/li>\n<li>Cur i l\u00e1thair teicni\u00fail a thabhairt at\u00e1 faofa \u00f3 thaobh Marga\u00edochta de, agus \u00fas\u00e1id a bhaint as taca\u00edocht theicni\u00fail inmhe\u00e1nach mar is g\u00e1<\/li>\n<li>Freastal a dh\u00e9anamh nuair is ceart agus laistigh de pharaim\u00e9adair cheadaithe COVID-19, ar thaispe\u00e1ntais tr\u00e1d\u00e1la \u00e1bhartha agus imeachta\u00ed tionscail (ar l\u00edne idir an d\u00e1 linn)<\/li>\n<li>Forbairt agus monat\u00f3ireacht a dh\u00e9anamh ar portf\u00f3ili\u00f3 do chliant<\/li>\n<li>Sonra\u00ed a bhaili\u00fa maidir le iomaitheoir\u00ed<\/li>\n<li>Fios a bheith agat ar rial\u00fach\u00e1in \u00e1iti\u00fala agus ar ghn\u00e9ithe eile chun anail\u00eds ioml\u00e1n a dh\u00e9anamh ar an margadh<\/li>\n<li>Oibrigh laistigh de bhuis\u00e9id d\u00edolach\u00e1in agus costais<\/li>\n<li>R\u00e9amhaisn\u00e9is\u00ed agus tuarasc\u00e1lacha a chur ar f\u00e1il a bheidh cruinn agus in am<\/li>\n<li>Conartha\u00ed d\u00edolach\u00e1in a dhreacht\u00fa le cead \u00f3n gCeannaireacht chun gur f\u00e9idir leat do chuid tortha\u00ed a fheabhs\u00fa \u00f3 thaobh corrlach, toirt agus sciar den mhargadh<\/li>\n<li>Na conartha\u00ed sin a shocr\u00fa agus a chur i gcr\u00edch agus an gn\u00f3 a aimsi\u00fa<\/li>\n<li>Tac\u00fa le Comhghleacaithe S\u00e1rsheirbh\u00edse chun pr\u00f3ise\u00e1il cheart a chinnti\u00fa maidir le orduithe na gcustaim\u00e9ir\u00ed, c\u00farsa\u00ed l\u00f3ist\u00edochta agus \u00edoca\u00edochta\u00ed.<\/li>\n<li>Comhoibri\u00fa a dh\u00e9anamh leis an bhFoireann Oibr\u00edochta\u00ed chun a chinnti\u00fa go gcomhl\u00edontar caighde\u00e1n, sonra\u00edochta\u00ed agus riachtanais rial\u00e1la na gcustaim\u00e9ir\u00ed<\/li>\n<li>Cabhair a thabhairt agus fiosr\u00fa a dh\u00e9anamh nuair is g\u00e1 chun r\u00e9iteach cu\u00ed a fh\u00e1il ar aon \u00a0ghear\u00e1in a bheadh ag custaim\u00e9ir\u00ed<\/li>\n<li>Coinnigh cothrom le d\u00e1ta ar na treochta\u00ed sin maidir le taighde agus forbairt\u00ed \u00f3 thaobh sl\u00e1inte ainmhithe mar a bhaineann siad le deiseanna at\u00e1 ag teacht chun cinn do theicneola\u00edochta\u00ed Arramara<\/li>\n<li>Coinnigh taifid cruinn ar chustaim\u00e9ir\u00ed, teagmh\u00e1lacha agus tionchair\u00ed tionscail<\/li>\n<li>Tacaigh le f\u00e1s agus forbairt an chult\u00fair chorpar\u00e1idigh tr\u00ed oibri\u00fa leis an mbainist\u00edocht, le fostaithe agus le p\u00e1irtithe leasmhara seachtracha ar bhealach tac\u00fail, mac\u00e1nta agus oscailte. Clo\u00ed go docht le gach treoir agus beartas corpar\u00e1ideach maidir le hiompar eitici\u00fail agus\u00a0 ionracas<\/li>\n<li>Tacaigh le f\u00eds agus beartais an chomhlachta maidir le Sl\u00e1inte &amp; S\u00e1bh\u00e1ilteacht, Cult\u00far Corpar\u00e1ideach, Bainist\u00edocht Chomhshaoil \u200b\u200bagus an Cl\u00e1r Feabhais For\u00e1sach tr\u00ed an iompar agus an cheannaireacht chu\u00ed a thaispe\u00e1int chun cusp\u00f3ir\u00ed an chomhlachta a bhaint amach sna r\u00e9ims\u00ed seo<\/li>\n<\/ul>\n<p><strong>\u00a0<\/strong><\/p>\n<h3><strong>Riachtanais: <\/strong><\/h3>\n<ul>\n<li>Baitsil\u00e9ir san Eola\u00edocht Talmha\u00edochta; D\u00e9anfar meas\u00fan\u00fa c\u00e1s ar ch\u00e1s maidir le haon taithi oibre agus staid\u00e9ir a bheadh gaolmhar<\/li>\n<li>An cumas ullmh\u00fa a dh\u00e9anamh ar bhuis\u00e9id agus r\u00e9amhaisn\u00e9is\u00ed<\/li>\n<li>Tabharfar t\u00fas \u00e1ite d\u00f3ibh si\u00fad a bhfuil taith\u00ed l\u00e1idir, \u00e1bhartha acu i nd\u00edolach\u00e1in coth\u00fa ainmhithe talmha\u00edochta<\/li>\n<li>Bheadh taith\u00ed i r\u00e9imse na mbreise\u00e1n beatha agus na gcomh\u00e1bhar speisialtachta tairbheach;<\/li>\n<li>Bheadh taith\u00ed i ngach margadh beostoic: athchogantach, muc, \u00e9anlaith chl\u00f3is, dobharshaothr\u00fa, srl. tairbheach. Bheadh taith\u00ed le capaill agus peata\u00ed t\u00ed tairbheach.<\/li>\n<li>An cumas agus an \u00a0toilteanas taisteal (laistigh de threoirl\u00ednte faofa COVID-19)<\/li>\n<li>An cumas cruthaithe maidir le caidrimh muin\u00edne a fhorbairt le custaim\u00e9ir\u00ed agus \u00a0d\u00edolach\u00e1in a dh\u00e9anamh<\/li>\n<li>Ardscileanna idirbhearta\u00edochta<\/li>\n<li>Ardscileanna scr\u00edofa, cur i l\u00e1thair agus cumars\u00e1ide \u00f3 bh\u00e9al<\/li>\n<li>An cumas oibri\u00fa le scarbhileoga, le tuarasc\u00e1lacha agus cur i l\u00e1thair a ullmh\u00fa<\/li>\n<li>Bheadh roinnt eolais cabhrach \u00f3 thaobh an slabhra sol\u00e1thair agus ar thionscal iompair na h\u00c9ireann<\/li>\n<li>T\u00e1 s\u00e9 riachtanach go mbeadh Cead\u00fanas Tiom\u00e1na glan agat agus cumas taistil (pas)<\/li>\n<\/ul>\n<p>&nbsp;<\/p>\n<h3><strong><u>Riachtanais Taistil<\/u><\/strong><\/h3>\n<p>Beifear ag s\u00fail go mbeidh an t-iarratas\u00f3ir a n-\u00e9ireoidh leis n\u00f3 l\u00e9i ag obair san margadh (cruinnithe duine le duine le Custaim\u00e9ir\u00ed agus Tionchair\u00ed) an chuid is m\u00f3 den am (50% m\u00f3ide).<\/p>\n<p>&nbsp;<\/p>\n<p><em>* mar gheall ar ch\u00farsa\u00ed reatha (an Pandemic Domhanda), beidh an t-Iarratas\u00f3ir a n-\u00e9ireoidh leis n\u00f3 l\u00e9i ag gn\u00edomh\u00fa n\u00edos m\u00f3 mar Ghairm\u00ed D\u00edolach\u00e1in Uile-Bhealach agus n\u00ed bhuailfidh s\u00e9 le daoine ach sa ch\u00e1s a chead\u00f3idh Tascfh\u00f3rsa COVID-19 \u00e9<\/em><\/p>\n<p>&nbsp;<\/p>\n<h4><span style=\"text-decoration: underline;\">M\u00e1 cheapann t\u00fa go bhfeilfeadh an post seo duit, ba mhaith linn bualadh leat. Chun an deis seo a thap\u00fa, n\u00ed g\u00e1 ach d\u2019iarratas a sheoladh isteach chuig iflinn@shiftstaffing.ca<\/span><\/h4>\n<p>&nbsp;<\/p>\n<p>Gabhaimid bu\u00edochas le gach iarratas\u00f3ir as ucht sp\u00e9is a l\u00e9iri\u00fa sa bpost seo, \u00e1fach, n\u00ed dh\u00e9anfar teagmh\u00e1il ach leo si\u00fad a roghna\u00edodh le haghaidh agallaimh. N\u00ed ghlacfaidh muid le aon ghlaonna teileaf\u00f3in le do thoil.<\/p>\n<p>[\/vc_column_text][\/vc_column_inner][\/vc_row_inner][\/vc_column][\/vc_row]<\/p>\n<\/section>\n","protected":false},"excerpt":{"rendered":"<p>[vc_row full_width=&#8221;stretch_row_content_no_spaces&#8221; content_placement=&#8221;middle&#8221; css=&#8221;.vc_custom_1603811316247{background: #e0e0e0 url(https:\/\/www.arramara.ie\/wp-content\/uploads\/2018\/12\/Arramara-factory-staff-e1547081898474.jpg?id=697) !important;background-position: center !important;background-repeat: no-repeat !important;background-size: cover !important;}&#8221; el_class=&#8221;sub-banner background-xcenter-ytop&#8221;][vc_column css_animation=&#8221;fadeIn&#8221;][\/vc_column][\/vc_row][vc_row el_class=&#8221;page-bg-photo&#8221;][vc_column css_animation=&#8221;fadeIn&#8221; el_class=&#8221;content-center content-max&#8221;][vc_row_inner el_class=&#8221;container&#8221;][vc_column_inner][vc_column_text css_animation=&#8221;fadeIn&#8221;] Bainisteoir Forbartha Margaidh \u2013 Arramara Teoranta, \u00c9irinn &nbsp; An R\u00f3l: Beidh an Bainisteoir Forbartha Margaidh freagrach don Sti\u00farth\u00f3ir, ASD Business Development agus oibreoidh s\u00e9 go dl\u00fath le baill eile den Rann\u00f3g Foll\u00e1ine Daonna [&hellip;]<\/p>\n","protected":false},"author":15,"featured_media":0,"parent":218,"menu_order":0,"comment_status":"closed","ping_status":"closed","template":"","meta":{"footnotes":""},"class_list":["post-1524","page","type-page","status-publish","hentry"],"yoast_head":"<!-- This site is optimized with the Yoast SEO plugin v27.4 - https:\/\/yoast.com\/product\/yoast-seo-wordpress\/ -->\n<title>Market Development Manager - Irish - Arramara<\/title>\n<meta name=\"robots\" content=\"index, follow, max-snippet:-1, max-image-preview:large, max-video-preview:-1\" \/>\n<link rel=\"canonical\" href=\"https:\/\/www.arramara.ie\/ga\/eolas-fuinn\/gairmeacha\/bainisteoir-forbartha-margaidh\/\" \/>\n<meta property=\"og:locale\" content=\"ga_IE\" \/>\n<meta property=\"og:type\" content=\"article\" \/>\n<meta property=\"og:title\" content=\"Market Development Manager - Irish - Arramara\" \/>\n<meta property=\"og:description\" content=\"[vc_row full_width=&#8221;stretch_row_content_no_spaces&#8221; content_placement=&#8221;middle&#8221; css=&#8221;.vc_custom_1603811316247{background: #e0e0e0 url(https:\/\/www.arramara.ie\/wp-content\/uploads\/2018\/12\/Arramara-factory-staff-e1547081898474.jpg?id=697) !important;background-position: center !important;background-repeat: no-repeat !important;background-size: cover !important;}&#8221; el_class=&#8221;sub-banner background-xcenter-ytop&#8221;][vc_column css_animation=&#8221;fadeIn&#8221;][\/vc_column][\/vc_row][vc_row el_class=&#8221;page-bg-photo&#8221;][vc_column css_animation=&#8221;fadeIn&#8221; el_class=&#8221;content-center content-max&#8221;][vc_row_inner el_class=&#8221;container&#8221;][vc_column_inner][vc_column_text css_animation=&#8221;fadeIn&#8221;] Bainisteoir Forbartha Margaidh \u2013 Arramara Teoranta, \u00c9irinn &nbsp; An R\u00f3l: Beidh an Bainisteoir Forbartha Margaidh freagrach don Sti\u00farth\u00f3ir, ASD Business Development agus oibreoidh s\u00e9 go dl\u00fath le baill eile den Rann\u00f3g Foll\u00e1ine Daonna [&hellip;]\" \/>\n<meta property=\"og:url\" content=\"https:\/\/www.arramara.ie\/ga\/eolas-fuinn\/gairmeacha\/bainisteoir-forbartha-margaidh\/\" \/>\n<meta property=\"og:site_name\" content=\"Arramara\" \/>\n<meta property=\"article:modified_time\" content=\"2020-10-27T15:10:06+00:00\" \/>\n<meta name=\"twitter:card\" content=\"summary_large_image\" \/>\n<meta name=\"twitter:label1\" content=\"Est. reading time\" \/>\n\t<meta name=\"twitter:data1\" content=\"5 minutes\" \/>\n<script type=\"application\/ld+json\" class=\"yoast-schema-graph\">{\"@context\":\"https:\\\/\\\/schema.org\",\"@graph\":[{\"@type\":\"WebPage\",\"@id\":\"https:\\\/\\\/www.arramara.ie\\\/ga\\\/eolas-fuinn\\\/gairmeacha\\\/bainisteoir-forbartha-margaidh\\\/\",\"url\":\"https:\\\/\\\/www.arramara.ie\\\/ga\\\/eolas-fuinn\\\/gairmeacha\\\/bainisteoir-forbartha-margaidh\\\/\",\"name\":\"Market Development Manager - Irish - Arramara\",\"isPartOf\":{\"@id\":\"https:\\\/\\\/www.arramara.ie\\\/#website\"},\"datePublished\":\"2020-10-27T15:09:13+00:00\",\"dateModified\":\"2020-10-27T15:10:06+00:00\",\"breadcrumb\":{\"@id\":\"https:\\\/\\\/www.arramara.ie\\\/ga\\\/eolas-fuinn\\\/gairmeacha\\\/bainisteoir-forbartha-margaidh\\\/#breadcrumb\"},\"inLanguage\":\"ga-IE\",\"potentialAction\":[{\"@type\":\"ReadAction\",\"target\":[\"https:\\\/\\\/www.arramara.ie\\\/ga\\\/eolas-fuinn\\\/gairmeacha\\\/bainisteoir-forbartha-margaidh\\\/\"]}]},{\"@type\":\"BreadcrumbList\",\"@id\":\"https:\\\/\\\/www.arramara.ie\\\/ga\\\/eolas-fuinn\\\/gairmeacha\\\/bainisteoir-forbartha-margaidh\\\/#breadcrumb\",\"itemListElement\":[{\"@type\":\"ListItem\",\"position\":1,\"name\":\"Home\",\"item\":\"https:\\\/\\\/www.arramara.ie\\\/ga\\\/\"},{\"@type\":\"ListItem\",\"position\":2,\"name\":\"Eolas f\u00fainn\",\"item\":\"https:\\\/\\\/www.arramara.ie\\\/ga\\\/eolas-fuinn\\\/\"},{\"@type\":\"ListItem\",\"position\":3,\"name\":\"Gairmeacha\",\"item\":\"https:\\\/\\\/www.arramara.ie\\\/ga\\\/eolas-fuinn\\\/gairmeacha\\\/\"},{\"@type\":\"ListItem\",\"position\":4,\"name\":\"Market Development Manager &#8211; Irish\"}]},{\"@type\":\"WebSite\",\"@id\":\"https:\\\/\\\/www.arramara.ie\\\/#website\",\"url\":\"https:\\\/\\\/www.arramara.ie\\\/\",\"name\":\"Arramara\",\"description\":\"Ascophyllum Nodosum Irish Seaweed Company\",\"publisher\":{\"@id\":\"https:\\\/\\\/www.arramara.ie\\\/#organization\"},\"potentialAction\":[{\"@type\":\"SearchAction\",\"target\":{\"@type\":\"EntryPoint\",\"urlTemplate\":\"https:\\\/\\\/www.arramara.ie\\\/?s={search_term_string}\"},\"query-input\":{\"@type\":\"PropertyValueSpecification\",\"valueRequired\":true,\"valueName\":\"search_term_string\"}}],\"inLanguage\":\"ga-IE\"},{\"@type\":\"Organization\",\"@id\":\"https:\\\/\\\/www.arramara.ie\\\/#organization\",\"name\":\"Arramara\",\"url\":\"https:\\\/\\\/www.arramara.ie\\\/\",\"logo\":{\"@type\":\"ImageObject\",\"inLanguage\":\"ga-IE\",\"@id\":\"https:\\\/\\\/www.arramara.ie\\\/#\\\/schema\\\/logo\\\/image\\\/\",\"url\":\"https:\\\/\\\/www.arramara.ie\\\/wp-content\\\/uploads\\\/2018\\\/11\\\/Group-205@2x-e1613056203927.png\",\"contentUrl\":\"https:\\\/\\\/www.arramara.ie\\\/wp-content\\\/uploads\\\/2018\\\/11\\\/Group-205@2x-e1613056203927.png\",\"width\":100,\"height\":100,\"caption\":\"Arramara\"},\"image\":{\"@id\":\"https:\\\/\\\/www.arramara.ie\\\/#\\\/schema\\\/logo\\\/image\\\/\"}}]}<\/script>\n<!-- \/ Yoast SEO plugin. -->","yoast_head_json":{"title":"Market Development Manager - Irish - Arramara","robots":{"index":"index","follow":"follow","max-snippet":"max-snippet:-1","max-image-preview":"max-image-preview:large","max-video-preview":"max-video-preview:-1"},"canonical":"https:\/\/www.arramara.ie\/ga\/eolas-fuinn\/gairmeacha\/bainisteoir-forbartha-margaidh\/","og_locale":"ga_IE","og_type":"article","og_title":"Market Development Manager - Irish - Arramara","og_description":"[vc_row full_width=&#8221;stretch_row_content_no_spaces&#8221; content_placement=&#8221;middle&#8221; css=&#8221;.vc_custom_1603811316247{background: #e0e0e0 url(https:\/\/www.arramara.ie\/wp-content\/uploads\/2018\/12\/Arramara-factory-staff-e1547081898474.jpg?id=697) !important;background-position: center !important;background-repeat: no-repeat !important;background-size: cover !important;}&#8221; el_class=&#8221;sub-banner background-xcenter-ytop&#8221;][vc_column css_animation=&#8221;fadeIn&#8221;][\/vc_column][\/vc_row][vc_row el_class=&#8221;page-bg-photo&#8221;][vc_column css_animation=&#8221;fadeIn&#8221; el_class=&#8221;content-center content-max&#8221;][vc_row_inner el_class=&#8221;container&#8221;][vc_column_inner][vc_column_text css_animation=&#8221;fadeIn&#8221;] Bainisteoir Forbartha Margaidh \u2013 Arramara Teoranta, \u00c9irinn &nbsp; An R\u00f3l: Beidh an Bainisteoir Forbartha Margaidh freagrach don Sti\u00farth\u00f3ir, ASD Business Development agus oibreoidh s\u00e9 go dl\u00fath le baill eile den Rann\u00f3g Foll\u00e1ine Daonna [&hellip;]","og_url":"https:\/\/www.arramara.ie\/ga\/eolas-fuinn\/gairmeacha\/bainisteoir-forbartha-margaidh\/","og_site_name":"Arramara","article_modified_time":"2020-10-27T15:10:06+00:00","twitter_card":"summary_large_image","twitter_misc":{"Est. reading time":"5 minutes"},"schema":{"@context":"https:\/\/schema.org","@graph":[{"@type":"WebPage","@id":"https:\/\/www.arramara.ie\/ga\/eolas-fuinn\/gairmeacha\/bainisteoir-forbartha-margaidh\/","url":"https:\/\/www.arramara.ie\/ga\/eolas-fuinn\/gairmeacha\/bainisteoir-forbartha-margaidh\/","name":"Market Development Manager - Irish - Arramara","isPartOf":{"@id":"https:\/\/www.arramara.ie\/#website"},"datePublished":"2020-10-27T15:09:13+00:00","dateModified":"2020-10-27T15:10:06+00:00","breadcrumb":{"@id":"https:\/\/www.arramara.ie\/ga\/eolas-fuinn\/gairmeacha\/bainisteoir-forbartha-margaidh\/#breadcrumb"},"inLanguage":"ga-IE","potentialAction":[{"@type":"ReadAction","target":["https:\/\/www.arramara.ie\/ga\/eolas-fuinn\/gairmeacha\/bainisteoir-forbartha-margaidh\/"]}]},{"@type":"BreadcrumbList","@id":"https:\/\/www.arramara.ie\/ga\/eolas-fuinn\/gairmeacha\/bainisteoir-forbartha-margaidh\/#breadcrumb","itemListElement":[{"@type":"ListItem","position":1,"name":"Home","item":"https:\/\/www.arramara.ie\/ga\/"},{"@type":"ListItem","position":2,"name":"Eolas f\u00fainn","item":"https:\/\/www.arramara.ie\/ga\/eolas-fuinn\/"},{"@type":"ListItem","position":3,"name":"Gairmeacha","item":"https:\/\/www.arramara.ie\/ga\/eolas-fuinn\/gairmeacha\/"},{"@type":"ListItem","position":4,"name":"Market Development Manager &#8211; Irish"}]},{"@type":"WebSite","@id":"https:\/\/www.arramara.ie\/#website","url":"https:\/\/www.arramara.ie\/","name":"Arramara","description":"Ascophyllum Nodosum Irish Seaweed Company","publisher":{"@id":"https:\/\/www.arramara.ie\/#organization"},"potentialAction":[{"@type":"SearchAction","target":{"@type":"EntryPoint","urlTemplate":"https:\/\/www.arramara.ie\/?s={search_term_string}"},"query-input":{"@type":"PropertyValueSpecification","valueRequired":true,"valueName":"search_term_string"}}],"inLanguage":"ga-IE"},{"@type":"Organization","@id":"https:\/\/www.arramara.ie\/#organization","name":"Arramara","url":"https:\/\/www.arramara.ie\/","logo":{"@type":"ImageObject","inLanguage":"ga-IE","@id":"https:\/\/www.arramara.ie\/#\/schema\/logo\/image\/","url":"https:\/\/www.arramara.ie\/wp-content\/uploads\/2018\/11\/Group-205@2x-e1613056203927.png","contentUrl":"https:\/\/www.arramara.ie\/wp-content\/uploads\/2018\/11\/Group-205@2x-e1613056203927.png","width":100,"height":100,"caption":"Arramara"},"image":{"@id":"https:\/\/www.arramara.ie\/#\/schema\/logo\/image\/"}}]}},"_links":{"self":[{"href":"https:\/\/www.arramara.ie\/ga\/wp-json\/wp\/v2\/pages\/1524","targetHints":{"allow":["GET"]}}],"collection":[{"href":"https:\/\/www.arramara.ie\/ga\/wp-json\/wp\/v2\/pages"}],"about":[{"href":"https:\/\/www.arramara.ie\/ga\/wp-json\/wp\/v2\/types\/page"}],"author":[{"embeddable":true,"href":"https:\/\/www.arramara.ie\/ga\/wp-json\/wp\/v2\/users\/15"}],"replies":[{"embeddable":true,"href":"https:\/\/www.arramara.ie\/ga\/wp-json\/wp\/v2\/comments?post=1524"}],"version-history":[{"count":0,"href":"https:\/\/www.arramara.ie\/ga\/wp-json\/wp\/v2\/pages\/1524\/revisions"}],"up":[{"embeddable":true,"href":"https:\/\/www.arramara.ie\/ga\/wp-json\/wp\/v2\/pages\/218"}],"wp:attachment":[{"href":"https:\/\/www.arramara.ie\/ga\/wp-json\/wp\/v2\/media?parent=1524"}],"curies":[{"name":"wp","href":"https:\/\/api.w.org\/{rel}","templated":true}]}}